{"id":12327,"date":"2026-01-23T11:14:42","date_gmt":"2026-01-23T10:14:42","guid":{"rendered":"https:\/\/diverinvest.es\/?post_type=cartas-de-david&#038;p=12327"},"modified":"2026-04-22T08:18:59","modified_gmt":"2026-04-22T06:18:59","slug":"carta-enero-2026-groenlandia-no-es-un-cisne-negro-es-un-cambio-de-paradigma","status":"publish","type":"cartas-de-david","link":"https:\/\/diverinvest.es\/ca\/cartas-de-david\/carta-enero-2026-groenlandia-no-es-un-cisne-negro-es-un-cambio-de-paradigma\/","title":{"rendered":"Carta enero 2026: &#8220;Groenlandia no es un cisne negro, es un cambio de paradigma&#8221;"},"content":{"rendered":"\n<p>Querido amigo,<\/p>\n\n\n\n<p>Como bien sabes y lo hemos enfatizado en repetidas ocasiones, especialmente en los \u00faltimos 4 a\u00f1os, los eventos geopol\u00edticos suelen tener poco o ning\u00fan impacto en los mercados a medio plazo, aunque es cierto que a corto pueden generar ruido y volatilidad. Nuestro estudio siempre est\u00e1 basado en el an\u00e1lisis fundamental de la econom\u00eda que es la que dicta la evoluci\u00f3n de los mercados financieros.<\/p>\n\n\n\n<p>De todos modos, consideramos que el tema de Groenlandia es diferente. Por eso, me he animado a compartir unas reflexiones de David Mafoda, miembro del comit\u00e9 de inversiones que comparto de forma literal:<\/p>\n\n\n\n<p><em>\u201cGroenlandia es un territorio semiaut\u00f3nomo de Dinamarca. Est\u00e1 asociado a la UE y es territorio OTAN (Organizaci\u00f3n del Tratado del Atl\u00e1ntico Norte) y, por lo tanto, sujeto al art\u00edculo 5.<\/em><\/p>\n\n\n\n<p><em>La reclamaci\u00f3n americana sobre Groenlandia no es nada nuevo. Ya en 1886 el explorador americano Robert Peary reclam\u00f3 gran parte del norte de la isla para los EE. UU., sin embargo, el gobierno americano nunca actu\u00f3 formalmente para consolidar tal reclamo. En 1946, al final de la II Guerra Mundial, el entonces presidente Truman hizo una oferta formal para comprar la isla por valor de 100 millones de d\u00f3lares en oro, oferta que fue rechazada por Dinamarca. Si tenemos en cuenta que $100 millones de la \u00e9poca equival\u00edan a aproximadamente 2.68 millones de onzas troy, hoy estar\u00edamos hablando de aproximadamente $7 mil millones, lo cual parece a todas luces una cifra peque\u00f1a. Ya en nuestra \u00e9poca, Donald Trump ha vuelto a poner sobre la mesa el reclamo sobre la isla, y su principal \u201cargumento racional\u201d es la seguridad en tema militar. Los nuevos misiles bal\u00edsticos intercontinentales que est\u00e1n desarrollando tanto China como Rusia, son muy dif\u00edciles de detectar y derribar con los actuales sistemas de defensa. EE. UU. quiere construir un proyecto de defensa antimisiles, el llamado \u201cGolden Dome\u201d y Groenlandia por su situaci\u00f3n geogr\u00e1fica es un enclave estrat\u00e9gico para este entramado defensivo. A parte de esto, por supuesto est\u00e1n las tierras raras y las posibles nuevas rutas mar\u00edtimas.<\/em><\/p>\n\n\n\n<p><em>\u00bfC\u00f3mo puede acabar?<\/em><\/p>\n\n\n\n<p><em>Una hipot\u00e9tica invasi\u00f3n estadounidense o anexi\u00f3n forzada de Groenlandia probablemente resultar\u00eda en el colapso inmediato y total de la OTAN y de la arquitectura de seguridad global posterior a la Segunda Guerra Mundial.<\/em><\/p>\n\n\n\n<p><em>Las consecuencias:<\/em><\/p>\n\n\n\n<p><em>. Par\u00e1lisis institucional total<\/em><\/p>\n\n\n\n<p><em>Como la OTAN opera por consenso, no tiene ning\u00fan mecanismo formal para disciplinar a su miembro m\u00e1s poderoso, EE.UU.<\/em><\/p>\n\n\n\n<p><em>Conflicto del Art\u00edculo 5: Si bien Dinamarca te\u00f3ricamente podr\u00eda invocar el Art\u00edculo 5 (defensa colectiva), todos los miembros deben estar de acuerdo. Estados Unidos obviamente bloquear\u00eda cualquier respuesta formal de la OTAN, lo que llevar\u00eda a una par\u00e1lisis pol\u00edtica y militar inmediata dentro de la alianza.<\/em><\/p>\n\n\n\n<p><em>. Vac\u00edo de poder geopol\u00edtico<\/em><\/p>\n\n\n\n<p><em>La disoluci\u00f3n de la OTAN alterar\u00eda fundamentalmente la din\u00e1mica de poder global:<\/em><\/p>\n\n\n\n<p><em>Oportunidad para Rusia y China: Una OTAN fracturada eliminar\u00eda el principal elemento de disuasi\u00f3n contra la expansi\u00f3n rusa en Europa del Este. Mosc\u00fa calcular\u00eda que podr\u00eda utilizar con \u00e9xito el &#8220;chantaje nuclear&#8221; para apoderarse de territorio en los pa\u00edses b\u00e1lticos sin temor a una respuesta occidental unificada.<\/em><\/p>\n\n\n\n<p><em>Autonom\u00eda estrat\u00e9gica: Las naciones europeas, encabezadas por Francia y Alemania, se ver\u00edan obligadas a desarrollar r\u00e1pidamente capacidades militares independientes y elementos de disuasi\u00f3n nuclear, poniendo fin a d\u00e9cadas de dependencia del paraguas de seguridad de Estados Unidos.<\/em><\/p>\n\n\n\n<p><em>. Consecuencias econ\u00f3micas y jur\u00eddicas<\/em><\/p>\n\n\n\n<p><em>Sanciones: La UE probablemente responder\u00eda con severas sanciones econ\u00f3micas, aranceles y el congelamiento de activos estadounidenses, similares a las medidas tomadas contra Rusia en 2022.<\/em><\/p>\n\n\n\n<p><em>Conflicto interno: En Estados Unidos, una acci\u00f3n de este tipo probablemente desencadenar\u00eda una crisis constitucional masiva, incluida la posible invocaci\u00f3n de la Ley de Poderes de Guerra por parte del Congreso y los esfuerzos para destituir al Presidente en virtud de la Enmienda 25.<\/em><\/p>\n\n\n\n<p><em>Ser\u00eda realmente el fin del mundo tal y como lo conocemos y no exagero. Espero que prevalezcan las cabezas fr\u00edas.\u201d<\/em><\/p>\n\n\n\n<p>Ayer en el foro de Davos, Trump reiter\u00f3 su firme inter\u00e9s en Groenlandia sin el uso de la fuerza. Son buenas noticias, sin embargo, el da\u00f1o est\u00e1 hecho y la direcci\u00f3n marcada. To be continued\u2026<\/p>\n\n\n\n<p>Un abrazo,<\/p>\n\n\n\n<p><em> <\/em><\/p>\n\n\n\n<p><\/p>\n","protected":false},"excerpt":{"rendered":"<p>Querido amigo, Como bien sabes y lo hemos enfatizado en repetidas ocasiones, especialmente en los \u00faltimos 4 a\u00f1os, los eventos geopol\u00edticos suelen tener poco o ning\u00fan impacto en los mercados a medio plazo, aunque es cierto que a corto pueden generar ruido y volatilidad. Nuestro estudio siempre est\u00e1 basado en el an\u00e1lisis fundamental de la [&hellip;]<\/p>\n","protected":false},"author":10,"featured_media":12328,"parent":0,"template":"","categories":[527],"class_list":["post-12327","cartas-de-david","type-cartas-de-david","status-publish","has-post-thumbnail","hentry","category-cartas-2026"],"acf":[],"yoast_head":"<!-- This site is optimized with the Yoast SEO plugin v27.4 - https:\/\/yoast.com\/product\/yoast-seo-wordpress\/ -->\n<title>Carta enero 2026: &quot;Groenlandia no es un cisne negro, es un cambio de paradigma&quot; - DiverInvest<\/title>\n<meta name=\"robots\" content=\"index, follow, max-snippet:-1, max-image-preview:large, max-video-preview:-1\" \/>\n<link rel=\"canonical\" href=\"https:\/\/diverinvest.es\/ca\/cartas-de-david\/carta-enero-2026-groenlandia-no-es-un-cisne-negro-es-un-cambio-de-paradigma\/\" \/>\n<meta property=\"og:locale\" content=\"ca_ES\" \/>\n<meta property=\"og:type\" content=\"article\" \/>\n<meta property=\"og:title\" content=\"Carta enero 2026: &quot;Groenlandia no es un cisne negro, es un cambio de paradigma&quot; - DiverInvest\" \/>\n<meta property=\"og:description\" content=\"Querido amigo, Como bien sabes y lo hemos enfatizado en repetidas ocasiones, especialmente en los \u00faltimos 4 a\u00f1os, los eventos geopol\u00edticos suelen tener poco o ning\u00fan impacto en los mercados a medio plazo, aunque es cierto que a corto pueden generar ruido y volatilidad. Nuestro estudio siempre est\u00e1 basado en el an\u00e1lisis fundamental de la [&hellip;]\" \/>\n<meta property=\"og:url\" content=\"https:\/\/diverinvest.es\/ca\/cartas-de-david\/carta-enero-2026-groenlandia-no-es-un-cisne-negro-es-un-cambio-de-paradigma\/\" \/>\n<meta property=\"og:site_name\" content=\"DiverInvest\" \/>\n<meta property=\"article:modified_time\" content=\"2026-04-22T06:18:59+00:00\" \/>\n<meta property=\"og:image\" content=\"https:\/\/diverinvest.es\/wp-content\/uploads\/Captura-de-pantalla-2026-01-22-083142.jpg\" \/>\n\t<meta property=\"og:image:width\" content=\"1163\" \/>\n\t<meta property=\"og:image:height\" content=\"805\" \/>\n\t<meta property=\"og:image:type\" content=\"image\/jpeg\" \/>\n<meta name=\"twitter:card\" content=\"summary_large_image\" \/>\n<meta name=\"twitter:label1\" content=\"Temps estimat de lectura\" \/>\n\t<meta name=\"twitter:data1\" content=\"4 minuts\" \/>\n<script type=\"application\/ld+json\" class=\"yoast-schema-graph\">{\"@context\":\"https:\\\/\\\/schema.org\",\"@graph\":[{\"@type\":\"WebPage\",\"@id\":\"https:\\\/\\\/diverinvest.es\\\/ca\\\/cartas-de-david\\\/carta-enero-2026-groenlandia-no-es-un-cisne-negro-es-un-cambio-de-paradigma\\\/\",\"url\":\"https:\\\/\\\/diverinvest.es\\\/ca\\\/cartas-de-david\\\/carta-enero-2026-groenlandia-no-es-un-cisne-negro-es-un-cambio-de-paradigma\\\/\",\"name\":\"Carta enero 2026: \\\"Groenlandia no es un cisne negro, es un cambio de paradigma\\\" - DiverInvest\",\"isPartOf\":{\"@id\":\"https:\\\/\\\/diverinvest.es\\\/ca\\\/#website\"},\"primaryImageOfPage\":{\"@id\":\"https:\\\/\\\/diverinvest.es\\\/ca\\\/cartas-de-david\\\/carta-enero-2026-groenlandia-no-es-un-cisne-negro-es-un-cambio-de-paradigma\\\/#primaryimage\"},\"image\":{\"@id\":\"https:\\\/\\\/diverinvest.es\\\/ca\\\/cartas-de-david\\\/carta-enero-2026-groenlandia-no-es-un-cisne-negro-es-un-cambio-de-paradigma\\\/#primaryimage\"},\"thumbnailUrl\":\"https:\\\/\\\/diverinvest.es\\\/wp-content\\\/uploads\\\/Captura-de-pantalla-2026-01-22-083142.jpg\",\"datePublished\":\"2026-01-23T10:14:42+00:00\",\"dateModified\":\"2026-04-22T06:18:59+00:00\",\"breadcrumb\":{\"@id\":\"https:\\\/\\\/diverinvest.es\\\/ca\\\/cartas-de-david\\\/carta-enero-2026-groenlandia-no-es-un-cisne-negro-es-un-cambio-de-paradigma\\\/#breadcrumb\"},\"inLanguage\":\"ca\",\"potentialAction\":[{\"@type\":\"ReadAction\",\"target\":[\"https:\\\/\\\/diverinvest.es\\\/ca\\\/cartas-de-david\\\/carta-enero-2026-groenlandia-no-es-un-cisne-negro-es-un-cambio-de-paradigma\\\/\"]}]},{\"@type\":\"ImageObject\",\"inLanguage\":\"ca\",\"@id\":\"https:\\\/\\\/diverinvest.es\\\/ca\\\/cartas-de-david\\\/carta-enero-2026-groenlandia-no-es-un-cisne-negro-es-un-cambio-de-paradigma\\\/#primaryimage\",\"url\":\"https:\\\/\\\/diverinvest.es\\\/wp-content\\\/uploads\\\/Captura-de-pantalla-2026-01-22-083142.jpg\",\"contentUrl\":\"https:\\\/\\\/diverinvest.es\\\/wp-content\\\/uploads\\\/Captura-de-pantalla-2026-01-22-083142.jpg\",\"width\":1163,\"height\":805},{\"@type\":\"BreadcrumbList\",\"@id\":\"https:\\\/\\\/diverinvest.es\\\/ca\\\/cartas-de-david\\\/carta-enero-2026-groenlandia-no-es-un-cisne-negro-es-un-cambio-de-paradigma\\\/#breadcrumb\",\"itemListElement\":[{\"@type\":\"ListItem\",\"position\":1,\"name\":\"Portada\",\"item\":\"https:\\\/\\\/diverinvest.es\\\/ca\\\/\"},{\"@type\":\"ListItem\",\"position\":2,\"name\":\"Cartas de David\",\"item\":\"https:\\\/\\\/diverinvest.es\\\/ca\\\/cartas-de-david\\\/\"},{\"@type\":\"ListItem\",\"position\":3,\"name\":\"Carta enero 2026: &#8220;Groenlandia no es un cisne negro, es un cambio de paradigma&#8221;\"}]},{\"@type\":\"WebSite\",\"@id\":\"https:\\\/\\\/diverinvest.es\\\/ca\\\/#website\",\"url\":\"https:\\\/\\\/diverinvest.es\\\/ca\\\/\",\"name\":\"DiverInvest\",\"description\":\"Corporate Family Office\",\"potentialAction\":[{\"@type\":\"SearchAction\",\"target\":{\"@type\":\"EntryPoint\",\"urlTemplate\":\"https:\\\/\\\/diverinvest.es\\\/ca\\\/?s={search_term_string}\"},\"query-input\":{\"@type\":\"PropertyValueSpecification\",\"valueRequired\":true,\"valueName\":\"search_term_string\"}}],\"inLanguage\":\"ca\"}]}<\/script>\n<!-- \/ Yoast SEO plugin. -->","yoast_head_json":{"title":"Carta enero 2026: \"Groenlandia no es un cisne negro, es un cambio de paradigma\" - DiverInvest","robots":{"index":"index","follow":"follow","max-snippet":"max-snippet:-1","max-image-preview":"max-image-preview:large","max-video-preview":"max-video-preview:-1"},"canonical":"https:\/\/diverinvest.es\/ca\/cartas-de-david\/carta-enero-2026-groenlandia-no-es-un-cisne-negro-es-un-cambio-de-paradigma\/","og_locale":"ca_ES","og_type":"article","og_title":"Carta enero 2026: \"Groenlandia no es un cisne negro, es un cambio de paradigma\" - DiverInvest","og_description":"Querido amigo, Como bien sabes y lo hemos enfatizado en repetidas ocasiones, especialmente en los \u00faltimos 4 a\u00f1os, los eventos geopol\u00edticos suelen tener poco o ning\u00fan impacto en los mercados a medio plazo, aunque es cierto que a corto pueden generar ruido y volatilidad. Nuestro estudio siempre est\u00e1 basado en el an\u00e1lisis fundamental de la [&hellip;]","og_url":"https:\/\/diverinvest.es\/ca\/cartas-de-david\/carta-enero-2026-groenlandia-no-es-un-cisne-negro-es-un-cambio-de-paradigma\/","og_site_name":"DiverInvest","article_modified_time":"2026-04-22T06:18:59+00:00","og_image":[{"width":1163,"height":805,"url":"https:\/\/diverinvest.es\/wp-content\/uploads\/Captura-de-pantalla-2026-01-22-083142.jpg","type":"image\/jpeg"}],"twitter_card":"summary_large_image","twitter_misc":{"Temps estimat de lectura":"4 minuts"},"schema":{"@context":"https:\/\/schema.org","@graph":[{"@type":"WebPage","@id":"https:\/\/diverinvest.es\/ca\/cartas-de-david\/carta-enero-2026-groenlandia-no-es-un-cisne-negro-es-un-cambio-de-paradigma\/","url":"https:\/\/diverinvest.es\/ca\/cartas-de-david\/carta-enero-2026-groenlandia-no-es-un-cisne-negro-es-un-cambio-de-paradigma\/","name":"Carta enero 2026: \"Groenlandia no es un cisne negro, es un cambio de paradigma\" - DiverInvest","isPartOf":{"@id":"https:\/\/diverinvest.es\/ca\/#website"},"primaryImageOfPage":{"@id":"https:\/\/diverinvest.es\/ca\/cartas-de-david\/carta-enero-2026-groenlandia-no-es-un-cisne-negro-es-un-cambio-de-paradigma\/#primaryimage"},"image":{"@id":"https:\/\/diverinvest.es\/ca\/cartas-de-david\/carta-enero-2026-groenlandia-no-es-un-cisne-negro-es-un-cambio-de-paradigma\/#primaryimage"},"thumbnailUrl":"https:\/\/diverinvest.es\/wp-content\/uploads\/Captura-de-pantalla-2026-01-22-083142.jpg","datePublished":"2026-01-23T10:14:42+00:00","dateModified":"2026-04-22T06:18:59+00:00","breadcrumb":{"@id":"https:\/\/diverinvest.es\/ca\/cartas-de-david\/carta-enero-2026-groenlandia-no-es-un-cisne-negro-es-un-cambio-de-paradigma\/#breadcrumb"},"inLanguage":"ca","potentialAction":[{"@type":"ReadAction","target":["https:\/\/diverinvest.es\/ca\/cartas-de-david\/carta-enero-2026-groenlandia-no-es-un-cisne-negro-es-un-cambio-de-paradigma\/"]}]},{"@type":"ImageObject","inLanguage":"ca","@id":"https:\/\/diverinvest.es\/ca\/cartas-de-david\/carta-enero-2026-groenlandia-no-es-un-cisne-negro-es-un-cambio-de-paradigma\/#primaryimage","url":"https:\/\/diverinvest.es\/wp-content\/uploads\/Captura-de-pantalla-2026-01-22-083142.jpg","contentUrl":"https:\/\/diverinvest.es\/wp-content\/uploads\/Captura-de-pantalla-2026-01-22-083142.jpg","width":1163,"height":805},{"@type":"BreadcrumbList","@id":"https:\/\/diverinvest.es\/ca\/cartas-de-david\/carta-enero-2026-groenlandia-no-es-un-cisne-negro-es-un-cambio-de-paradigma\/#breadcrumb","itemListElement":[{"@type":"ListItem","position":1,"name":"Portada","item":"https:\/\/diverinvest.es\/ca\/"},{"@type":"ListItem","position":2,"name":"Cartas de David","item":"https:\/\/diverinvest.es\/ca\/cartas-de-david\/"},{"@type":"ListItem","position":3,"name":"Carta enero 2026: &#8220;Groenlandia no es un cisne negro, es un cambio de paradigma&#8221;"}]},{"@type":"WebSite","@id":"https:\/\/diverinvest.es\/ca\/#website","url":"https:\/\/diverinvest.es\/ca\/","name":"DiverInvest","description":"Corporate Family Office","potentialAction":[{"@type":"SearchAction","target":{"@type":"EntryPoint","urlTemplate":"https:\/\/diverinvest.es\/ca\/?s={search_term_string}"},"query-input":{"@type":"PropertyValueSpecification","valueRequired":true,"valueName":"search_term_string"}}],"inLanguage":"ca"}]}},"_links":{"self":[{"href":"https:\/\/diverinvest.es\/ca\/wp-json\/wp\/v2\/cartas-de-david\/12327","targetHints":{"allow":["GET"]}}],"collection":[{"href":"https:\/\/diverinvest.es\/ca\/wp-json\/wp\/v2\/cartas-de-david"}],"about":[{"href":"https:\/\/diverinvest.es\/ca\/wp-json\/wp\/v2\/types\/cartas-de-david"}],"author":[{"embeddable":true,"href":"https:\/\/diverinvest.es\/ca\/wp-json\/wp\/v2\/users\/10"}],"wp:featuredmedia":[{"embeddable":true,"href":"https:\/\/diverinvest.es\/ca\/wp-json\/wp\/v2\/media\/12328"}],"wp:attachment":[{"href":"https:\/\/diverinvest.es\/ca\/wp-json\/wp\/v2\/media?parent=12327"}],"wp:term":[{"taxonomy":"category","embeddable":true,"href":"https:\/\/diverinvest.es\/ca\/wp-json\/wp\/v2\/categories?post=12327"}],"curies":[{"name":"wp","href":"https:\/\/api.w.org\/{rel}","templated":true}]}}